
{"id":115,"date":"2009-10-07T13:43:36","date_gmt":"2009-10-07T11:43:36","guid":{"rendered":"http:\/\/www.cielmonordi.fr\/v2010\/cmo\/?page_id=115"},"modified":"2021-10-27T13:24:45","modified_gmt":"2021-10-27T11:24:45","slug":"tarifs-2","status":"publish","type":"page","link":"https:\/\/www.cielmonordi.fr\/v2010\/cmo\/tarifs-2\/","title":{"rendered":"Tarifs"},"content":{"rendered":"<h2>Tous nos tarifs<span style=\"color: #ff0000;\">*<\/span> au 1 er f\u00e9vrier\u00a02020<\/h2>\n<div class=\"su-tabs su-tabs-style-default su-tabs-mobile-stack su-tabs-vertical\" data-active=\"1\" data-scroll-offset=\"0\" data-anchor-in-url=\"no\"><div class=\"su-tabs-nav\"><span class=\"\" data-url=\"\" data-target=\"blank\" tabindex=\"0\" role=\"button\">Assistance \u00e0 domicile<\/span><span class=\"\" data-url=\"\" data-target=\"blank\" tabindex=\"0\" role=\"button\">Formations<\/span><span class=\"\" data-url=\"\" data-target=\"blank\" tabindex=\"0\" role=\"button\">Abonnements et Carnets<\/span><span class=\"\" data-url=\"\" data-target=\"blank\" tabindex=\"0\" role=\"button\">D\u00e9placements<\/span><\/div><div class=\"su-tabs-panes\"><div class=\"su-tabs-pane su-u-clearfix su-u-trim\" data-title=\"Assistance \u00e0 domicile\">\n<p><strong>Interventions \u00e0 l&#8217;heure :<\/strong><br \/>\n49.50 \u20ac l&#8217;heure<span style=\"color: #ff0000;\">*<\/span><\/p>\n<p><strong>Packs\u00a0 2 heures<\/strong><\/p>\n<p><span style=\"text-decoration: underline;\"><em>Bilan de sant\u00e9<\/em><\/span> : V\u00e9rification &amp; nettoyage complet de l&#8217;ordinateur, optimisation et contr\u00f4le des mises \u00e0 jours logiciels.<\/p>\n<p><span style=\"text-decoration: underline;\"><em>Pack Installation<\/em><\/span> : Installation de l&#8217;ordinateur, de la connexion internet, de la boite mail et d&#8217;un p\u00e9riph\u00e9rique.<\/p>\n<p><span style=\"text-decoration: underline;\"><em>Pack S\u00e9curit\u00e9<\/em><\/span> : Recherche &amp; \u00e9radication des virus &amp; spywares, installation antivirus, parefeu et antispyware (logiciels non fournis).<\/p>\n<p><span style=\"text-decoration: underline;\"><em>Pack R\u00e9seau familial<\/em><\/span> : installation configuration toutes box (livebox, freebox, neufbox, &#8230;) internet, t\u00e9l\u00e9phonie, t\u00e9l\u00e9vision, connexion jusqu&#8217;\u00e0 3 ordinateurs.<\/p>\n<\/div>\n<div class=\"su-tabs-pane su-u-clearfix su-u-trim\" data-title=\"Formations\">\n<p><strong>Interventions \u00e0 l&#8217;heure :<\/strong><br \/>\n49.50 \u20ac l&#8217;heure<span style=\"color: #ff0000;\">*<\/span><\/p>\n<p><strong>Packs<\/strong><\/p>\n<p><span style=\"text-decoration: underline;\"><em>Initiation \u00e0 l\u2019utilisation d\u2019un ordinateur : 1h<\/em><\/span><br \/>\nComment utiliser un ordinateur, premiers pas sur internet\u2026<\/p>\n<p><span style=\"text-decoration: underline;\"><em>Initiation \u00e0 la bureautique : modules de 2h<\/em><\/span><br \/>\ntraitements de texte \u2013 tableurs \u2013 Multim\u00e9dia \u2026<\/p>\n<p><span style=\"text-decoration: underline;\"><em>S\u00e9curit\u00e9 Internet : modules de 2h<\/em><\/span><br \/>\nS\u00e9curit\u00e9 \u2013 Achats \u2013 Contr\u00f4le parental \u2013 \u2026<\/p>\n<p><em><span style=\"text-decoration: underline;\">Perfectionnement : modules de 2h<\/span><\/em><br \/>\nTraitements de texte \u2013 tableurs \u2013 Multim\u00e9dia \u2013 Internet \u2013 \u2026<\/p>\n<p><span style=\"text-decoration: underline;\"><em>Expertise modules de 2h<\/em><\/span><br \/>\nTraitements de texte \u2013 tableurs \u2013 Multim\u00e9dia \u2013 Blog &#8211; D\u00e9veloppement \u2013 \u2026<\/p>\n<\/div>\n<div class=\"su-tabs-pane su-u-clearfix su-u-trim\" data-title=\"Abonnements et Carnets\">\n<div class=\"su-row\">\n<div class=\"su-column su-column-size-1-4\"><div class=\"su-column-inner su-u-clearfix su-u-trim\">\n<p>&nbsp;<\/p>\n<\/div><\/div>\n<div class=\"su-column su-column-size-1-4\"><div class=\"su-column-inner su-u-clearfix su-u-trim\">\n<p>6 Heures<\/p>\n<\/div><\/div>\n<div class=\"su-column su-column-size-1-4\"><div class=\"su-column-inner su-u-clearfix su-u-trim\">\n<p>10 Heures<\/p>\n<\/div><\/div>\n<div class=\"su-column su-column-size-1-4\"><div class=\"su-column-inner su-u-clearfix su-u-trim\">\n<p>20 Heures<\/p>\n<\/div><\/div>\n<\/div>\n<div class=\"su-row\">\n<div class=\"su-column su-column-size-1-4\"><div class=\"su-column-inner su-u-clearfix su-u-trim\">\n<p>&nbsp;<\/p>\n<\/div><\/div>\n<div class=\"su-column su-column-size-1-4\"><div class=\"su-column-inner su-u-clearfix su-u-trim\">\n<p>270.00 \u20ac<span style=\"color: #ff0000;\">*<\/span><\/p>\n<\/div><\/div>\n<div class=\"su-column su-column-size-1-4\"><div class=\"su-column-inner su-u-clearfix su-u-trim\">\n<p>425.00 \u20ac<span style=\"color: #ff0000;\">*<\/span><\/p>\n<\/div><\/div>\n<div class=\"su-column su-column-size-1-4\"><div class=\"su-column-inner su-u-clearfix su-u-trim\">\n<p>800.00 \u20ac<span style=\"color: #ff0000;\">*<\/span><\/p>\n<\/div><\/div>\n<\/div>\n<p>Les carnets 6,10 et 20 H s&#8217;effectuent en s\u00e9ances de 1h30 ou 2h00<\/p>\n<p>Tous les carnets sont valables 1 an \u00e0 partir de la date d&#8217;achat<\/p>\n<\/div>\n<div class=\"su-tabs-pane su-u-clearfix su-u-trim\" data-title=\"D\u00e9placements\">\n<div class=\"su-row\">\n<div class=\"su-column su-column-size-1-4\"><div class=\"su-column-inner su-u-clearfix su-u-trim\">\n<p>Zones RATP<\/p>\n<\/div><\/div>\n<div class=\"su-column su-column-size-1-4\"><div class=\"su-column-inner su-u-clearfix su-u-trim\">\n<p>1-2-3<\/p>\n<\/div><\/div>\n<div class=\"su-column su-column-size-1-4\"><div class=\"su-column-inner su-u-clearfix su-u-trim\">\n<p>4<\/p>\n<\/div><\/div>\n<div class=\"su-column su-column-size-1-4\"><div class=\"su-column-inner su-u-clearfix su-u-trim\">\n<p>5 et au del\u00e0<\/p>\n<\/div><\/div>\n<\/div>\n<div class=\"su-row\">\n<div class=\"su-column su-column-size-1-4\"><div class=\"su-column-inner su-u-clearfix su-u-trim\">\n<p>TTC<\/p>\n<\/div><\/div>\n<div class=\"su-column su-column-size-1-4\"><div class=\"su-column-inner su-u-clearfix su-u-trim\">\n<p>Gratuit<\/p>\n<\/div><\/div>\n<div class=\"su-column su-column-size-1-4\"><div class=\"su-column-inner su-u-clearfix su-u-trim\">\n<p>40.00 \u20ac<\/p>\n<\/div><\/div>\n<div class=\"su-column su-column-size-1-4\"><div class=\"su-column-inner su-u-clearfix su-u-trim\">\n<p>50.00 \u20ac<\/p>\n<\/div><\/div>\n<\/div>\n<\/div><\/div><\/div>\n<h2><\/h2>\n<h2>R\u00e9duction d&#8217;imp\u00f4ts<\/h2>\n<p><span style=\"font-size: 14pt;\"><strong><span style=\"color: #ff0000;\">*<\/span><\/strong>Les prix sont TTC pour les particuliers <span style=\"text-decoration: underline;\"><span style=\"color: #ff0000; text-decoration: underline;\"><strong>apr\u00e8s<\/strong> <\/span><\/span>d\u00e9duction fiscale de 50%.<\/span><\/p>\n<h2>Jours f\u00e9ri\u00e9s<\/h2>\n<p><span style=\"font-size: 14pt;\">Majoration\u00a0<span style=\"text-decoration: underline; color: #ff0000;\"><strong>+25%<\/strong><\/span> pour les interventions les\u00a0Dimanches\u00a0et\u00a0jours\u00a0f\u00e9ri\u00e9s.<\/span><\/p>\n<h2>Hausse de la TVA<\/h2>\n<p><strong>Le 1\u00b0 juillet 2013 hausse de la TVA :\u00a0<\/strong>la Commission Europ\u00e9enne a impos\u00e9 la fin du taux r\u00e9duit de 7% pour le d\u00e9finir \u00e0 20% au 1\u00b0 janvier 2014<\/p>\n<p><\/p>","protected":false},"excerpt":{"rendered":"<p>Tous nos tarifs* au 1 er f\u00e9vrier\u00a02020 R\u00e9duction d&#8217;imp\u00f4ts *Les prix sont TTC pour les particuliers apr\u00e8s d\u00e9duction fiscale de 50%. Jours f\u00e9ri\u00e9s Majoration\u00a0+25% pour les interventions les\u00a0Dimanches\u00a0et\u00a0jours\u00a0f\u00e9ri\u00e9s. Hausse de la TVA Le 1\u00b0 juillet 2013 hausse de la TVA :\u00a0la Commission Europ\u00e9enne a impos\u00e9 la fin du taux r\u00e9duit de 7% pour le d\u00e9finir<br \/><a class=\"moretag\" href=\"https:\/\/www.cielmonordi.fr\/v2010\/cmo\/tarifs-2\/\">+ Lire la suite<\/a><\/p>\n","protected":false},"author":4,"featured_media":0,"parent":0,"menu_order":40,"comment_status":"closed","ping_status":"closed","template":"","meta":{"footnotes":""},"aioseo_notices":[],"_links":{"self":[{"href":"https:\/\/www.cielmonordi.fr\/v2010\/cmo\/wp-json\/wp\/v2\/pages\/115"}],"collection":[{"href":"https:\/\/www.cielmonordi.fr\/v2010\/cmo\/wp-json\/wp\/v2\/pages"}],"about":[{"href":"https:\/\/www.cielmonordi.fr\/v2010\/cmo\/wp-json\/wp\/v2\/types\/page"}],"author":[{"embeddable":true,"href":"https:\/\/www.cielmonordi.fr\/v2010\/cmo\/wp-json\/wp\/v2\/users\/4"}],"replies":[{"embeddable":true,"href":"https:\/\/www.cielmonordi.fr\/v2010\/cmo\/wp-json\/wp\/v2\/comments?post=115"}],"version-history":[{"count":5,"href":"https:\/\/www.cielmonordi.fr\/v2010\/cmo\/wp-json\/wp\/v2\/pages\/115\/revisions"}],"predecessor-version":[{"id":2067,"href":"https:\/\/www.cielmonordi.fr\/v2010\/cmo\/wp-json\/wp\/v2\/pages\/115\/revisions\/2067"}],"wp:attachment":[{"href":"https:\/\/www.cielmonordi.fr\/v2010\/cmo\/wp-json\/wp\/v2\/media?parent=115"}],"curies":[{"name":"wp","href":"https:\/\/api.w.org\/{rel}","templated":true}]}}